{"id":2486,"date":"2021-10-03T12:54:52","date_gmt":"2021-10-03T12:54:52","guid":{"rendered":"https:\/\/aurelium.label-3.com\/?page_id=2486"},"modified":"2023-05-05T10:15:19","modified_gmt":"2023-05-05T10:15:19","slug":"saal-c","status":"publish","type":"page","link":"https:\/\/aurelium.de\/?page_id=2486","title":{"rendered":"SAAL C"},"content":{"rendered":"<h1>\n<h1 style=\"color: white; display: inline-block; background-color: #ebaf1b; padding: 10px;\">SAAL C<\/h1>\n<\/h1>\n<p>[cog]<\/p>\n<div>\n<p><strong>Pr\u00e4sentationstechnik:<\/strong><\/p>\n<ul>\n<li><span>Beamer+Leinwand<\/span><\/li>\n<li>Laptop<\/li>\n<li>Presenter<\/li>\n<\/ul>\n<\/div>\n<hr>\n<p>[microphone]<\/p>\n<div>\n<p><strong>Tontechnik &amp; Beschallung:<\/strong><\/p>\n<ul>\n<li>Lautsprecheranlage und (Funk)\u00a0Mikrofonierung<\/li>\n<li>Hochwertige Beschallungsanlage<\/li>\n<li>Induktive H\u00f6ranlage<\/li>\n<\/ul>\n<\/div>\n<hr>\n<p>[settings]<\/p>\n<div>\n<p><strong>B\u00fchnentechnik:<\/strong><\/p>\n<ul>\n<li>B\u00fchne h\u00f6henverstellbar mit Verblendung<\/li>\n<li>Rednerpult mit Mikrofonierung<\/li>\n<\/ul>\n<\/div>\n<hr>\n<p>[bookmark]<\/p>\n<div>\n<p><strong>Werbeanlagen:<\/strong><\/p>\n<ul>\n<li>Beflaggung m\u00f6glich<\/li>\n<li>Nutzung der Flatscreens<\/li>\n<\/ul>\n<p>Bewerbung Ihrer Veranstaltung nach Wunsch auch auf unserer Homepage und in der AURELIUM-Brosch\u00fcre<\/p>\n<ul>\n<li style=\"list-style-type: none;\">\n<ul><\/ul>\n<\/li>\n<\/ul>\n<\/div>\n<div>\n<p>Der attraktive smarte Saal mit direkten Zugang zum Foyer l\u00e4sst auch kleinere Veranstaltungen gl\u00e4nzen.<\/p>\n<\/div>\n<ul>\n<li>\n<p>        <img decoding=\"async\" src=\"\/wp-content\/uploads\/2021\/11\/groesse.png\" alt=\"\"><\/p>\n<h3>Saalgr\u00f6\u00dfe<\/h3>\n<div>\n<p style=\"font-weight: bold;\">170<\/p>\n<p>qm<\/p><\/div>\n<\/li>\n<li>\n<p>        <img decoding=\"async\" src=\"\/wp-content\/uploads\/2021\/10\/Reihe.png\" alt=\"\"><\/p>\n<h3>Theater\/Reihe<\/h3>\n<div>\n<p style=\"font-weight: bold;\">150<\/p>\n<p>Sitzpl\u00e4tze<\/p><\/div>\n<\/li>\n<li>\n<p>        <img decoding=\"async\" src=\"\/wp-content\/uploads\/2021\/10\/Parlamentarisch.png\" alt=\"\"><\/p>\n<h3>Parlament<\/h3>\n<div>\n<p>70 Sitzpl\u00e4tze<\/p>\n<\/div>\n<\/li>\n<li>\n<p>        <img decoding=\"async\" src=\"\/wp-content\/uploads\/2021\/10\/U-Form.png\" alt=\"\"><\/p>\n<h3>U-Form<\/h3>\n<div>\n<p style=\"font-weight: bold;\">36<\/p>\n<p>Sitzpl\u00e4tze<\/p><\/div>\n<\/li>\n<li>\n<p>        <img decoding=\"async\" src=\"\/wp-content\/uploads\/2021\/10\/Tafel.png\" alt=\"\"><\/p>\n<h3>Tafel<\/h3>\n<div>\n<p style=\"font-weight: bold;\">160<\/p>\n<p>Sitzpl\u00e4tze<\/p>\n<\/div>\n<\/li>\n<li>\n<p>        <img decoding=\"async\" src=\"\/wp-content\/uploads\/2021\/10\/Bankett.png\" alt=\"\"><\/p>\n<h3>Bankett 8<\/h3>\n<div>\n<p style=\"font-weight: bold;\">112<\/p>\n<p>Sitzpl\u00e4tze<\/p><\/div>\n<\/li>\n<\/ul>\n<div>\n<p>Gerne passen wir uns auch an Ihre individuellen W\u00fcnsche und Vorstellungen an.<\/p>\n<\/div>\n<p>\n    <a href=\"https:\/\/aurelium.de\/?page_id=2769#personen\">JETZT ANFRAGEN<\/a>\n<\/p>\n<p><img decoding=\"async\" src=\"\/wp-content\/uploads\/2021\/10\/Saal-C-Reihen.jpg\" alt=\"\"><br \/>\n<img decoding=\"async\" src=\"\/wp-content\/uploads\/2021\/10\/Streaming_C.jpg\" alt=\"\"><\/p>\n<div>\n<p><span><b>Basisausstattung der R\u00e4umlichkeiten:<\/b><\/span><\/p>\n<ul>\n<li><span>Energieeffiziente LED-Beleuchtung im Hospitalitybereich<\/span><\/li>\n<li><span>WLAN in allen zug\u00e4nglichen R\u00e4umen<\/span><\/li>\n<li><span>Raumluftk\u00fchlung<\/span><\/li>\n<li><span>Flatscreens auf allen drei Ebenen des Business Centers f\u00fcr das Branding Ihrer Veranstaltung<\/span><\/li>\n<li><span>Mobile Trennw\u00e4nde zur flexiblen Raumgestaltung<\/span><\/li>\n<li><span>Automatische Jalousien zur Verdunkelung<\/span><\/li>\n<li>Abschlie\u00dfbare Garderobenschr\u00e4nke<\/li>\n<\/ul>\n<p><span><\/span>\u00a0<\/p>\n<\/div>\n<hr>\n<p>[settings]<\/p>\n<div>\n<p><strong>Lichttechnik:<\/strong><\/p>\n<ul>\n<li>Variationsreiche Lichtausstattung<\/li>\n<li>Atmosph\u00e4rische Beleuchtung<\/li>\n<\/ul>\n<\/div>\n<hr>\n<p>[home]<\/p>\n<div>\n<p><span><\/span><strong>Sonstige Ausstattung:<\/strong><\/p>\n<ul>\n<li>Flipchart<\/li>\n<li>Pinnwand<\/li>\n<li>Moderationskoffer<\/li>\n<li>Garderobe<\/li>\n<\/ul>\n<\/div>\n<p><!--more--><br \/>\n<!-- {\"name\":\"Saal neu\",\"type\":\"layout\",\"children\":[{\"type\":\"section\",\"props\":{\"style\":\"default\",\"width\":\"\",\"vertical_align\":\"middle\",\"title_position\":\"top-left\",\"title_rotation\":\"left\",\"title_breakpoint\":\"xl\",\"image_position\":\"center-center\",\"image\":\"wp-content\\\/uploads\\\/2021\\\/10\\\/Saal-C_Parlamentarisch-1.jpg\",\"image_effect\":\"fixed\",\"image_size\":\"width-1-1\",\"image_parallax_bgy_start\":\"30\",\"height\":\"percent\"},\"children\":[{\"type\":\"row\",\"children\":[{\"type\":\"column\",\"props\":{\"image_position\":\"center-center\",\"media_overlay_gradient\":\"\",\"position_sticky_breakpoint\":\"m\"},\"children\":[{\"type\":\"headline\",\"props\":{\"title_element\":\"h1\",\"content\":\"\n\n<h1 style=\\\"color: white; display: inline-block; background-color: #ebaf1b; padding: 10px;\\\">SAAL C<\\\/h1>\"},\"modified\":\"2021-08-21T07:54:49.684Z\",\"name\":\"Headline neu\"}]}],\"props\":{\"width\":\"default\"}}]},{\"type\":\"section\",\"props\":{\"style\":\"default\",\"width\":\"default\",\"vertical_align\":\"middle\",\"title_position\":\"top-left\",\"title_rotation\":\"left\",\"title_breakpoint\":\"xl\",\"image_position\":\"center-center\",\"animation\":\"slide-right-medium\"},\"children\":[{\"type\":\"row\",\"children\":[{\"type\":\"column\",\"props\":{\"image_position\":\"center-center\",\"media_overlay_gradient\":\"\",\"position_sticky_breakpoint\":\"m\"},\"children\":[{\"type\":\"text\",\"props\":{\"margin\":\"default\",\"column_breakpoint\":\"m\",\"content\":\"\"}}]}]},{\"type\":\"row\",\"props\":{\"layout\":\"1-4,1-2,1-4\"},\"children\":[{\"type\":\"column\",\"props\":{\"image_position\":\"center-center\",\"media_overlay_gradient\":\"\",\"width_medium\":\"1-4\",\"style\":\"secondary\",\"position_sticky_breakpoint\":\"m\"},\"children\":[{\"type\":\"icon\",\"props\":{\"icon_width\":60,\"margin\":\"default\",\"text_align\":\"center\",\"icon\":\"cog\"}},{\"type\":\"text\",\"props\":{\"margin\":\"default\",\"column_breakpoint\":\"m\",\"content\":\"\n\n<p><strong>Pr\\u00e4sentationstechnik:<\\\/strong><\\\/p>\\n\n\n<ul>\\n\n\n<li><span>Beamer+Leinwand<\\\/span><\\\/li>\\n\n\n<li>Laptop<\\\/li>\\n\n\n<li>Presenter<\\\/li>\\n<\\\/ul>\"}},{\"type\":\"divider\",\"props\":{\"divider_element\":\"hr\"}},{\"type\":\"icon\",\"props\":{\"icon_width\":60,\"margin\":\"default\",\"text_align\":\"center\",\"icon\":\"microphone\"}},{\"type\":\"text\",\"props\":{\"margin\":\"default\",\"column_breakpoint\":\"m\",\"content\":\"\n\n<p><strong>Tontechnik &amp; Beschallung:<\\\/strong><\\\/p>\\n\n\n<ul>\\n\n\n<li>Lautsprecheranlage und (Funk)\\u00a0Mikrofonierung<\\\/li>\\n\n\n<li>Hochwertige Beschallungsanlage<\\\/li>\\n\n\n<li>Induktive H\\u00f6ranlage<\\\/li>\\n<\\\/ul>\"}},{\"type\":\"divider\",\"props\":{\"divider_element\":\"hr\"}},{\"type\":\"icon\",\"props\":{\"icon_width\":60,\"margin\":\"default\",\"text_align\":\"center\",\"icon\":\"settings\"}},{\"type\":\"text\",\"props\":{\"margin\":\"default\",\"column_breakpoint\":\"m\",\"content\":\"\n\n<p><strong>B\\u00fchnentechnik:<\\\/strong><\\\/p>\\n\n\n<ul>\\n\n\n<li>B\\u00fchne h\\u00f6henverstellbar mit Verblendung<\\\/li>\\n\n\n<li>Rednerpult mit Mikrofonierung<\\\/li>\\n<\\\/ul>\"}},{\"type\":\"divider\",\"props\":{\"divider_element\":\"hr\"}},{\"type\":\"icon\",\"props\":{\"icon_width\":60,\"margin\":\"default\",\"text_align\":\"center\",\"icon\":\"bookmark\"}},{\"type\":\"text\",\"props\":{\"margin\":\"default\",\"column_breakpoint\":\"m\",\"content\":\"\n\n<p><strong>Werbeanlagen:<\\\/strong><\\\/p>\\n\n\n<ul>\\n\n\n<li>Beflaggung m\\u00f6glich<\\\/li>\\n\n\n<li>Nutzung der Flatscreens<\\\/li>\\n<\\\/ul>\\n\n\n<p>Bewerbung Ihrer Veranstaltung nach Wunsch auch auf unserer Homepage und in der AURELIUM-Brosch\\u00fcre<\\\/p>\\n\n\n<ul>\\n\n\n<li style=\\\"list-style-type: none;\\\">\\n\n\n<ul><\\\/ul>\\n<\\\/li>\\n<\\\/ul>\"}}]},{\"type\":\"column\",\"props\":{\"image_position\":\"center-center\",\"media_overlay_gradient\":\"\",\"width_medium\":\"1-2\",\"order_first\":\"xs\",\"position_sticky_breakpoint\":\"m\"},\"children\":[{\"type\":\"text\",\"props\":{\"margin\":\"default\",\"column_breakpoint\":\"m\",\"content\":\"\n\n<p>Der attraktive smarte Saal mit direkten Zugang zum Foyer l\\u00e4sst auch kleinere Veranstaltungen gl\\u00e4nzen.<\\\/p>\"}},{\"type\":\"grid\",\"props\":{\"show_title\":true,\"show_meta\":true,\"show_content\":true,\"show_image\":true,\"show_link\":true,\"grid_default\":\"1\",\"grid_medium\":\"3\",\"filter_style\":\"tab\",\"filter_all\":true,\"filter_position\":\"top\",\"filter_align\":\"left\",\"filter_grid_width\":\"auto\",\"filter_grid_breakpoint\":\"m\",\"title_hover_style\":\"reset\",\"title_element\":\"h3\",\"title_align\":\"top\",\"title_grid_width\":\"1-2\",\"title_grid_breakpoint\":\"m\",\"meta_style\":\"meta\",\"meta_align\":\"below-title\",\"meta_element\":\"div\",\"content_column_breakpoint\":\"m\",\"icon_width\":80,\"image_align\":\"top\",\"image_grid_width\":\"1-2\",\"image_grid_breakpoint\":\"m\",\"image_svg_color\":\"emphasis\",\"link_text\":\"Read more\",\"link_style\":\"default\",\"margin\":\"default\",\"item_animation\":true,\"panel_style\":\"card-primary\",\"title_style\":\"h5\",\"title_margin\":\"small\",\"panel_padding\":\"default\"},\"children\":[{\"type\":\"grid_item\",\"props\":{\"title\":\"Saalgr\\u00f6\\u00dfe\",\"content\":\"\n\n<p style=\\\"font-weight: bold;\\\">170<\\\/p>qm\",\"image\":\"wp-content\\\/uploads\\\/2021\\\/11\\\/groesse.png\"}},{\"type\":\"grid_item\",\"props\":{\"title\":\"Theater\\\/Reihe\",\"content\":\"\n\n<p style=\\\"font-weight: bold;\\\">150<\\\/p>Sitzpl\\u00e4tze\",\"image\":\"wp-content\\\/uploads\\\/2021\\\/10\\\/Reihe.png\"}},{\"type\":\"grid_item\",\"props\":{\"title\":\"Parlament\",\"image\":\"wp-content\\\/uploads\\\/2021\\\/10\\\/Parlamentarisch.png\",\"meta\":\"\",\"content\":\"\n\n<p>70 Sitzpl\\u00e4tze<\\\/p>\"}},{\"type\":\"grid_item\",\"props\":{\"title\":\"U-Form\",\"image\":\"wp-content\\\/uploads\\\/2021\\\/10\\\/U-Form.png\",\"content\":\"\n\n<p style=\\\"font-weight: bold;\\\">36<\\\/p>Sitzpl\\u00e4tze\"}},{\"type\":\"grid_item\",\"props\":{\"title\":\"Tafel\",\"content\":\"\n\n<p style=\\\"font-weight: bold;\\\">160<\\\/p>\\n\n\n<p>Sitzpl\\u00e4tze<\\\/p>\",\"image\":\"wp-content\\\/uploads\\\/2021\\\/10\\\/Tafel.png\"}},{\"type\":\"grid_item\",\"props\":{\"title\":\"Bankett 8\",\"content\":\"\n\n<p style=\\\"font-weight: bold;\\\">112<\\\/p>Sitzpl\\u00e4tze\",\"image\":\"wp-content\\\/uploads\\\/2021\\\/10\\\/Bankett.png\"}}],\"modified\":\"2021-10-22T08:25:26.205Z\",\"name\":\"Bestuhlung\"},{\"type\":\"text\",\"props\":{\"margin\":\"default\",\"column_breakpoint\":\"m\",\"content\":\"\n\n<p>Gerne passen wir uns auch an Ihre individuellen W\\u00fcnsche und Vorstellungen an.<\\\/p>\"},\"modified\":\"2021-10-22T08:26:53.230Z\",\"name\":\"Hinweis zur Bestuhlung\"},{\"type\":\"button\",\"props\":{\"grid_column_gap\":\"small\",\"grid_row_gap\":\"small\",\"margin\":\"default\"},\"children\":[{\"type\":\"button_item\",\"props\":{\"button_style\":\"secondary\",\"icon_align\":\"left\",\"content\":\"JETZT ANFRAGEN\",\"link\":\"https:\\\/\\\/aurelium.de\\\/?page_id=2769#personen\",\"icon\":\"mail\"}}]},{\"type\":\"image\",\"props\":{\"margin\":\"default\",\"image_svg_color\":\"emphasis\",\"image\":\"wp-content\\\/uploads\\\/2021\\\/10\\\/Saal-C-Reihen.jpg\"}},{\"type\":\"image\",\"props\":{\"margin\":\"default\",\"image_svg_color\":\"emphasis\",\"image\":\"wp-content\\\/uploads\\\/2021\\\/10\\\/Streaming_C.jpg\"}}]},{\"type\":\"column\",\"props\":{\"image_position\":\"center-center\",\"media_overlay_gradient\":\"\",\"width_medium\":\"1-4\",\"style\":\"secondary\",\"position_sticky_breakpoint\":\"m\"},\"children\":[{\"type\":\"icon\",\"props\":{\"icon_width\":60,\"margin\":\"default\",\"text_align\":\"center\"}},{\"type\":\"text\",\"props\":{\"margin\":\"default\",\"column_breakpoint\":\"m\",\"content\":\"\n\n<p><span><b>Basisausstattung der R\\u00e4umlichkeiten:<\\\/b><\\\/span><\\\/p>\\n\n\n<ul>\\n\n\n<li><span>Energieeffiziente LED-Beleuchtung im Hospitalitybereich<\\\/span><\\\/li>\\n\n\n<li><span>WLAN in allen zug\\u00e4nglichen R\\u00e4umen<\\\/span><\\\/li>\\n\n\n<li><span>Raumluftk\\u00fchlung<\\\/span><\\\/li>\\n\n\n<li><span>Flatscreens auf allen drei Ebenen des Business Centers f\\u00fcr das Branding Ihrer Veranstaltung<\\\/span><\\\/li>\\n\n\n<li><span>Mobile Trennw\\u00e4nde zur flexiblen Raumgestaltung<\\\/span><\\\/li>\\n\n\n<li><span>Automatische Jalousien zur Verdunkelung<\\\/span><\\\/li>\\n\n\n<li>Abschlie\\u00dfbare Garderobenschr\\u00e4nke<\\\/li>\\n<\\\/ul>\\n\n\n<p><span><\\\/span>\\u00a0<\\\/p>\"}},{\"type\":\"divider\",\"props\":{\"divider_element\":\"hr\"}},{\"type\":\"icon\",\"props\":{\"icon_width\":60,\"margin\":\"default\",\"text_align\":\"center\",\"icon\":\"settings\"}},{\"type\":\"text\",\"props\":{\"margin\":\"default\",\"column_breakpoint\":\"m\",\"content\":\"\n\n<p><strong>Lichttechnik:<\\\/strong><\\\/p>\\n\n\n<ul>\\n\n\n<li>Variationsreiche Lichtausstattung<\\\/li>\\n\n\n<li>Atmosph\\u00e4rische Beleuchtung<\\\/li>\\n<\\\/ul>\"}},{\"type\":\"divider\",\"props\":{\"divider_element\":\"hr\"}},{\"type\":\"icon\",\"props\":{\"icon_width\":60,\"margin\":\"default\",\"text_align\":\"center\",\"icon\":\"home\"}},{\"type\":\"text\",\"props\":{\"margin\":\"default\",\"column_breakpoint\":\"m\",\"content\":\"\n\n<p><span><\\\/span><strong>Sonstige Ausstattung:<\\\/strong><\\\/p>\\n\n\n<ul>\\n\n\n<li>Flipchart<\\\/li>\\n\n\n<li>Pinnwand<\\\/li>\\n\n\n<li>Moderationskoffer<\\\/li>\\n\n\n<li>Garderobe<\\\/li>\\n<\\\/ul>\"}}]}]}]}],\"version\":\"2.7.23\"} --><\/p>\n","protected":false},"excerpt":{"rendered":"<p>SAAL C [cog] Pr\u00e4sentationstechnik: Beamer+Leinwand Laptop Presenter [microphone] Tontechnik &amp; Beschallung: Lautsprecheranlage und (Funk)\u00a0Mikrofonierung Hochwertige Beschallungsanlage Induktive H\u00f6ranlage [settings] B\u00fchnentechnik: B\u00fchne h\u00f6henverstellbar mit Verblendung Rednerpult mit Mikrofonierung [bookmark] Werbeanlagen: Beflaggung m\u00f6glich Nutzung der Flatscreens Bewerbung Ihrer Veranstaltung nach Wunsch auch auf unserer Homepage und in der AURELIUM-Brosch\u00fcre Der attraktive smarte Saal mit direkten Zugang zum [&hellip;]<\/p>\n","protected":false},"author":1,"featured_media":0,"parent":0,"menu_order":0,"comment_status":"closed","ping_status":"closed","template":"","meta":{"_acf_changed":false,"footnotes":""},"class_list":["post-2486","page","type-page","status-publish","hentry"],"acf":[],"publishpress_future_workflow_manual_trigger":{"enabledWorkflows":[]},"_links":{"self":[{"href":"https:\/\/aurelium.de\/index.php?rest_route=\/wp\/v2\/pages\/2486","targetHints":{"allow":["GET"]}}],"collection":[{"href":"https:\/\/aurelium.de\/index.php?rest_route=\/wp\/v2\/pages"}],"about":[{"href":"https:\/\/aurelium.de\/index.php?rest_route=\/wp\/v2\/types\/page"}],"author":[{"embeddable":true,"href":"https:\/\/aurelium.de\/index.php?rest_route=\/wp\/v2\/users\/1"}],"replies":[{"embeddable":true,"href":"https:\/\/aurelium.de\/index.php?rest_route=%2Fwp%2Fv2%2Fcomments&post=2486"}],"version-history":[{"count":33,"href":"https:\/\/aurelium.de\/index.php?rest_route=\/wp\/v2\/pages\/2486\/revisions"}],"predecessor-version":[{"id":4800,"href":"https:\/\/aurelium.de\/index.php?rest_route=\/wp\/v2\/pages\/2486\/revisions\/4800"}],"wp:attachment":[{"href":"https:\/\/aurelium.de\/index.php?rest_route=%2Fwp%2Fv2%2Fmedia&parent=2486"}],"curies":[{"name":"wp","href":"https:\/\/api.w.org\/{rel}","templated":true}]}}